{"id":138,"date":"2023-09-21T16:00:47","date_gmt":"2023-09-21T19:00:47","guid":{"rendered":"https:\/\/rentamac.com.br\/?page_id=138"},"modified":"2023-09-21T16:02:40","modified_gmt":"2023-09-21T19:02:40","slug":"privacidade","status":"publish","type":"page","link":"https:\/\/rentamac.com.br\/index.php\/privacidade\/","title":{"rendered":"Pol\u00edtica de Privacidade"},"content":{"rendered":"\t\t<div data-elementor-type=\"wp-page\" data-elementor-id=\"138\" class=\"elementor elementor-138\">\n\t\t\t\t\t\t<section class=\"elementor-section elementor-top-section elementor-element elementor-element-1e05b24 elementor-section-boxed elementor-section-height-default elementor-section-height-default\" data-id=\"1e05b24\" data-element_type=\"section\" data-e-type=\"section\">\n\t\t\t\t\t\t<div class=\"elementor-container elementor-column-gap-default\">\n\t\t\t\t\t<div class=\"elementor-column elementor-col-100 elementor-top-column elementor-element elementor-element-53d52b4f\" data-id=\"53d52b4f\" data-element_type=\"column\" data-e-type=\"column\">\n\t\t\t<div class=\"elementor-widget-wrap elementor-element-populated\">\n\t\t\t\t\t\t<div class=\"elementor-element elementor-element-19a3dba elementor-widget elementor-widget-spacer\" data-id=\"19a3dba\" data-element_type=\"widget\" data-e-type=\"widget\" data-widget_type=\"spacer.default\">\n\t\t\t\t<div class=\"elementor-widget-container\">\n\t\t\t\t\t\t\t<div class=\"elementor-spacer\">\n\t\t\t<div class=\"elementor-spacer-inner\"><\/div>\n\t\t<\/div>\n\t\t\t\t\t\t<\/div>\n\t\t\t\t<\/div>\n\t\t\t\t<div class=\"elementor-element elementor-element-d1fa359 elementor-widget elementor-widget-page-title\" data-id=\"d1fa359\" data-element_type=\"widget\" data-e-type=\"widget\" data-widget_type=\"page-title.default\">\n\t\t\t\t<div class=\"elementor-widget-container\">\n\t\t\t\t\t\t\t\n\t\t<div class=\"hfe-page-title hfe-page-title-wrapper elementor-widget-heading\">\n\n\t\t\t\t\t\t\t\t\t\t\t<a href=\"https:\/\/rentamac.com.br\">\n\t\t\t\t\t\t<h2 class=\"elementor-heading-title elementor-size-default\">\n\t\t\t\t\t\t\t\t\n\t\t\t\tPol\u00edtica de Privacidade  \n\t\t\t<\/h2 > \n\t\t\t\t\t\t\t\t\t<\/a>\n\t\t\t\t\t<\/div>\n\t\t\t\t\t\t<\/div>\n\t\t\t\t<\/div>\n\t\t\t\t<div class=\"elementor-element elementor-element-649e29fb elementor-widget elementor-widget-text-editor\" data-id=\"649e29fb\" data-element_type=\"widget\" data-e-type=\"widget\" data-widget_type=\"text-editor.default\">\n\t\t\t\t<div class=\"elementor-widget-container\">\n\t\t\t\t\t\t\t\t\t<p><\/p>\n<p>A pol\u00edtica de privacidade \u00e9 um assunto importante para a empresa <strong>RENTAMAC &#8211; Loca\u00e7\u00f5es de M\u00e1quinas e Terraplanagem<\/strong>e levamos a s\u00e9rio a prote\u00e7\u00e3o de seus dados pessoais. De acordo com as leis LGPD e GDPR, respeitamos sua privacidade em rela\u00e7\u00e3o a qualquer informa\u00e7\u00e3o que possamos coletar em nosso site &#8220;https:\/\/rentamac.com.br&#8221; e outros sites que possu\u00edmos e operamos.<\/p>\n<p><\/p>\n<p>N\u00f3s coletamos informa\u00e7\u00f5es pessoais apenas quando necess\u00e1rio para fornecer um servi\u00e7o e fazemos isso de maneira justa e legal, com seu conhecimento e consentimento. Sempre informamos o motivo pelo qual estamos coletando as informa\u00e7\u00f5es e como elas ser\u00e3o usadas.<\/p>\n<p><\/p>\n<p>Mantemos as informa\u00e7\u00f5es coletadas pelo tempo necess\u00e1rio para fornecer o servi\u00e7o solicitado e protegemos os dados armazenados dentro de meios comercialmente aceit\u00e1veis para evitar perdas, roubos, acesso, divulga\u00e7\u00e3o, c\u00f3pia, uso ou modifica\u00e7\u00e3o n\u00e3o autorizados.<\/p>\n<p><\/p>\n<p>N\u00e3o compartilhamos informa\u00e7\u00f5es de identifica\u00e7\u00e3o pessoal publicamente ou com terceiros, exceto quando exigido por lei. \u00c9 importante lembrar que nosso site pode ter links para sites externos que n\u00e3o s\u00e3o operados por n\u00f3s e n\u00e3o podemos aceitar responsabilidade por suas respectivas pol\u00edticas de privacidade.<\/p>\n<p><\/p>\n<p>Utilizamos o servi\u00e7o do Google AdSense para veicular publicidade em nosso site, o qual usa um cookie DoubleClick para exibir an\u00fancios mais relevantes e limitar o n\u00famero de vezes que um an\u00fancio \u00e9 exibido para voc\u00ea. Os cookies de publicidade comportamental s\u00e3o usados para rastrear anonimamente seus interesses e apresentar an\u00fancios semelhantes que possam ser do seu interesse.<\/p>\n<p><\/p>\n<p>Alguns parceiros anunciam em nosso nome e usamos cookies de rastreamento de afiliados para ver se nossos clientes acessaram o site por meio de um dos sites de nossos parceiros, a fim de credit\u00e1-los adequadamente e permitir que nossos parceiros afiliados ofere\u00e7am qualquer promo\u00e7\u00e3o que possa fornecer benef\u00edcios para fazer uma compra.<\/p>\n<p><\/p>\n<p>O compromisso do usu\u00e1rio \u00e9 fazer uso adequado dos conte\u00fados e da informa\u00e7\u00e3o que oferecemos no site, n\u00e3o se envolvendo em atividades ilegais ou contr\u00e1rias \u00e0 boa f\u00e9 e \u00e0 ordem p\u00fablica. N\u00e3o permitimos a difus\u00e3o de propaganda ou conte\u00fado de natureza racista, xenof\u00f3bica, qualquer tipo de pornografia ilegal, de apologia ao terrorismo ou contra os direitos humanos. Tamb\u00e9m n\u00e3o permitimos que os usu\u00e1rios causem danos aos sistemas f\u00edsicos e l\u00f3gicos da empresa, de seus fornecedores ou terceiros, introduzindo ou disseminando v\u00edrus inform\u00e1ticos ou quaisquer outros sistemas de hardware ou software que possam causar danos.<\/p>\n<p><\/p>\n<p>Estamos \u00e0 disposi\u00e7\u00e3o para esclarecer qualquer d\u00favida sobre como lidamos com seus dados pessoais e informa\u00e7\u00f5es de usu\u00e1rio. Lembramos que, caso voc\u00ea tenha d\u00favidas sobre a necessidade ou n\u00e3o de aceitar cookies em nosso site, \u00e9 mais seguro deix\u00e1-los ativados, caso interaja com algum dos recursos que usamos em nosso site.<\/p>\n<p><\/p>\n<p>Esta Pol\u00edtica de Privacidade pode ser atualizada periodicamente para refletir altera\u00e7\u00f5es nas pr\u00e1ticas da empresa ou em conformidade com as leis aplic\u00e1veis. Os usu\u00e1rios ser\u00e3o notificados de quaisquer altera\u00e7\u00f5es relevantes nesta pol\u00edtica e ter\u00e3o a oportunidade de revis\u00e1-las antes que entrem em vigor.<\/p>\n<p><\/p>\n<p>Em resumo, a <strong>RENTAMAC &#8211; Loca\u00e7\u00f5es de M\u00e1quinas e Terraplanagem<\/strong> est\u00e1 comprometida em proteger a privacidade e a seguran\u00e7a dos dados de seus usu\u00e1rios e em cumprir todas as exig\u00eancias da LGPD e GDPR. Se voc\u00ea tiver alguma d\u00favida ou preocupa\u00e7\u00e3o sobre esta pol\u00edtica, entre em contato conosco atrav\u00e9s do <a href=\"mailto:comercial@rentamac.com.br\" target=\"_blank\" rel=\"noreferrer noopener\"><strong>comercial@rentamac.com.br<\/strong><\/a> ou do <a href=\"http:\/\/https:\/\/rentamac.com.br \" target=\"_blank\" rel=\"noreferrer noopener\">nosso site<\/a> (<a href=\"http:\/\/https:\/\/rentamac.com.br\" target=\"_blank\" rel=\"noreferrer noopener\">https:\/\/rentamac.com.br<\/a>).<\/p>\n<p><\/p>\n<p>Esta pol\u00edtica \u00e9 efetiva a partir do dia 21 de setembro de 2023<\/p>\n<p><\/p>\t\t\t\t\t\t\t\t<\/div>\n\t\t\t\t<\/div>\n\t\t\t\t<div class=\"elementor-element elementor-element-edc6a2f elementor-widget elementor-widget-spacer\" data-id=\"edc6a2f\" data-element_type=\"widget\" data-e-type=\"widget\" data-widget_type=\"spacer.default\">\n\t\t\t\t<div class=\"elementor-widget-container\">\n\t\t\t\t\t\t\t<div class=\"elementor-spacer\">\n\t\t\t<div class=\"elementor-spacer-inner\"><\/div>\n\t\t<\/div>\n\t\t\t\t\t\t<\/div>\n\t\t\t\t<\/div>\n\t\t\t\t\t<\/div>\n\t\t<\/div>\n\t\t\t\t\t<\/div>\n\t\t<\/section>\n\t\t\t\t<\/div>\n\t\t","protected":false},"excerpt":{"rendered":"<p>Pol\u00edtica de Privacidade A pol\u00edtica de privacidade \u00e9 um assunto importante para a empresa RENTAMAC &#8211; Loca\u00e7\u00f5es de M\u00e1quinas e Terraplanageme levamos a s\u00e9rio a prote\u00e7\u00e3o de seus dados pessoais. De acordo com as leis LGPD e GDPR, respeitamos sua privacidade em rela\u00e7\u00e3o a qualquer informa\u00e7\u00e3o que possamos coletar em nosso site &#8220;https:\/\/rentamac.com.br&#8221; e outros [&hellip;]<\/p>\n","protected":false},"author":1,"featured_media":0,"parent":0,"menu_order":0,"comment_status":"closed","ping_status":"closed","template":"","meta":{"_joinchat":[],"footnotes":""},"class_list":["post-138","page","type-page","status-publish","hentry"],"yoast_head":"<!-- This site is optimized with the Yoast SEO plugin v27.1.1 - https:\/\/yoast.com\/product\/yoast-seo-wordpress\/ -->\n<title>Pol\u00edtica de Privacidade - Rentamac<\/title>\n<meta name=\"robots\" content=\"index, follow, max-snippet:-1, max-image-preview:large, max-video-preview:-1\" \/>\n<link rel=\"canonical\" href=\"https:\/\/rentamac.com.br\/index.php\/privacidade\/\" \/>\n<meta property=\"og:locale\" content=\"pt_BR\" \/>\n<meta property=\"og:type\" content=\"article\" \/>\n<meta property=\"og:title\" content=\"Pol\u00edtica de Privacidade - Rentamac\" \/>\n<meta property=\"og:description\" content=\"Pol\u00edtica de Privacidade A pol\u00edtica de privacidade \u00e9 um assunto importante para a empresa RENTAMAC &#8211; Loca\u00e7\u00f5es de M\u00e1quinas e Terraplanageme levamos a s\u00e9rio a prote\u00e7\u00e3o de seus dados pessoais. De acordo com as leis LGPD e GDPR, respeitamos sua privacidade em rela\u00e7\u00e3o a qualquer informa\u00e7\u00e3o que possamos coletar em nosso site &#8220;https:\/\/rentamac.com.br&#8221; e outros [&hellip;]\" \/>\n<meta property=\"og:url\" content=\"https:\/\/rentamac.com.br\/index.php\/privacidade\/\" \/>\n<meta property=\"og:site_name\" content=\"Rentamac\" \/>\n<meta property=\"article:publisher\" content=\"https:\/\/www.facebook.com\/rentamaclocacao\/?locale=pt_BR\" \/>\n<meta property=\"article:modified_time\" content=\"2023-09-21T19:02:40+00:00\" \/>\n<meta name=\"twitter:card\" content=\"summary_large_image\" \/>\n<meta name=\"twitter:label1\" content=\"Est. tempo de leitura\" \/>\n\t<meta name=\"twitter:data1\" content=\"3 minutos\" \/>\n<script type=\"application\/ld+json\" class=\"yoast-schema-graph\">{\"@context\":\"https:\/\/schema.org\",\"@graph\":[{\"@type\":\"WebPage\",\"@id\":\"https:\/\/rentamac.com.br\/index.php\/privacidade\/\",\"url\":\"https:\/\/rentamac.com.br\/index.php\/privacidade\/\",\"name\":\"Pol\u00edtica de Privacidade - Rentamac\",\"isPartOf\":{\"@id\":\"https:\/\/rentamac.com.br\/#website\"},\"datePublished\":\"2023-09-21T19:00:47+00:00\",\"dateModified\":\"2023-09-21T19:02:40+00:00\",\"breadcrumb\":{\"@id\":\"https:\/\/rentamac.com.br\/index.php\/privacidade\/#breadcrumb\"},\"inLanguage\":\"pt-BR\",\"potentialAction\":[{\"@type\":\"ReadAction\",\"target\":[\"https:\/\/rentamac.com.br\/index.php\/privacidade\/\"]}]},{\"@type\":\"BreadcrumbList\",\"@id\":\"https:\/\/rentamac.com.br\/index.php\/privacidade\/#breadcrumb\",\"itemListElement\":[{\"@type\":\"ListItem\",\"position\":1,\"name\":\"In\u00edcio\",\"item\":\"https:\/\/rentamac.com.br\/\"},{\"@type\":\"ListItem\",\"position\":2,\"name\":\"Pol\u00edtica de Privacidade\"}]},{\"@type\":\"WebSite\",\"@id\":\"https:\/\/rentamac.com.br\/#website\",\"url\":\"https:\/\/rentamac.com.br\/\",\"name\":\"Rentamac \u2013 Servi\u00e7os e Loca\u00e7\u00e3o de Equipamentos\",\"description\":\"Servi\u00e7os e Loca\u00e7\u00e3o de Equipamentos | Penha - SC\",\"publisher\":{\"@id\":\"https:\/\/rentamac.com.br\/#organization\"},\"potentialAction\":[{\"@type\":\"SearchAction\",\"target\":{\"@type\":\"EntryPoint\",\"urlTemplate\":\"https:\/\/rentamac.com.br\/?s={search_term_string}\"},\"query-input\":{\"@type\":\"PropertyValueSpecification\",\"valueRequired\":true,\"valueName\":\"search_term_string\"}}],\"inLanguage\":\"pt-BR\"},{\"@type\":\"Organization\",\"@id\":\"https:\/\/rentamac.com.br\/#organization\",\"name\":\"Rentamac \u2013 Servi\u00e7os e Loca\u00e7\u00e3o de Equipamentos\",\"url\":\"https:\/\/rentamac.com.br\/\",\"logo\":{\"@type\":\"ImageObject\",\"inLanguage\":\"pt-BR\",\"@id\":\"https:\/\/rentamac.com.br\/#\/schema\/logo\/image\/\",\"url\":\"https:\/\/rentamac.com.br\/wp-content\/uploads\/2023\/09\/company_logo_GD.png\",\"contentUrl\":\"https:\/\/rentamac.com.br\/wp-content\/uploads\/2023\/09\/company_logo_GD.png\",\"width\":1833,\"height\":432,\"caption\":\"Rentamac \u2013 Servi\u00e7os e Loca\u00e7\u00e3o de Equipamentos\"},\"image\":{\"@id\":\"https:\/\/rentamac.com.br\/#\/schema\/logo\/image\/\"},\"sameAs\":[\"https:\/\/www.facebook.com\/rentamaclocacao\/?locale=pt_BR\"]}]}<\/script>\n<!-- \/ Yoast SEO plugin. -->","yoast_head_json":{"title":"Pol\u00edtica de Privacidade - Rentamac","robots":{"index":"index","follow":"follow","max-snippet":"max-snippet:-1","max-image-preview":"max-image-preview:large","max-video-preview":"max-video-preview:-1"},"canonical":"https:\/\/rentamac.com.br\/index.php\/privacidade\/","og_locale":"pt_BR","og_type":"article","og_title":"Pol\u00edtica de Privacidade - Rentamac","og_description":"Pol\u00edtica de Privacidade A pol\u00edtica de privacidade \u00e9 um assunto importante para a empresa RENTAMAC &#8211; Loca\u00e7\u00f5es de M\u00e1quinas e Terraplanageme levamos a s\u00e9rio a prote\u00e7\u00e3o de seus dados pessoais. De acordo com as leis LGPD e GDPR, respeitamos sua privacidade em rela\u00e7\u00e3o a qualquer informa\u00e7\u00e3o que possamos coletar em nosso site &#8220;https:\/\/rentamac.com.br&#8221; e outros [&hellip;]","og_url":"https:\/\/rentamac.com.br\/index.php\/privacidade\/","og_site_name":"Rentamac","article_publisher":"https:\/\/www.facebook.com\/rentamaclocacao\/?locale=pt_BR","article_modified_time":"2023-09-21T19:02:40+00:00","twitter_card":"summary_large_image","twitter_misc":{"Est. tempo de leitura":"3 minutos"},"schema":{"@context":"https:\/\/schema.org","@graph":[{"@type":"WebPage","@id":"https:\/\/rentamac.com.br\/index.php\/privacidade\/","url":"https:\/\/rentamac.com.br\/index.php\/privacidade\/","name":"Pol\u00edtica de Privacidade - Rentamac","isPartOf":{"@id":"https:\/\/rentamac.com.br\/#website"},"datePublished":"2023-09-21T19:00:47+00:00","dateModified":"2023-09-21T19:02:40+00:00","breadcrumb":{"@id":"https:\/\/rentamac.com.br\/index.php\/privacidade\/#breadcrumb"},"inLanguage":"pt-BR","potentialAction":[{"@type":"ReadAction","target":["https:\/\/rentamac.com.br\/index.php\/privacidade\/"]}]},{"@type":"BreadcrumbList","@id":"https:\/\/rentamac.com.br\/index.php\/privacidade\/#breadcrumb","itemListElement":[{"@type":"ListItem","position":1,"name":"In\u00edcio","item":"https:\/\/rentamac.com.br\/"},{"@type":"ListItem","position":2,"name":"Pol\u00edtica de Privacidade"}]},{"@type":"WebSite","@id":"https:\/\/rentamac.com.br\/#website","url":"https:\/\/rentamac.com.br\/","name":"Rentamac \u2013 Servi\u00e7os e Loca\u00e7\u00e3o de Equipamentos","description":"Servi\u00e7os e Loca\u00e7\u00e3o de Equipamentos | Penha - SC","publisher":{"@id":"https:\/\/rentamac.com.br\/#organization"},"potentialAction":[{"@type":"SearchAction","target":{"@type":"EntryPoint","urlTemplate":"https:\/\/rentamac.com.br\/?s={search_term_string}"},"query-input":{"@type":"PropertyValueSpecification","valueRequired":true,"valueName":"search_term_string"}}],"inLanguage":"pt-BR"},{"@type":"Organization","@id":"https:\/\/rentamac.com.br\/#organization","name":"Rentamac \u2013 Servi\u00e7os e Loca\u00e7\u00e3o de Equipamentos","url":"https:\/\/rentamac.com.br\/","logo":{"@type":"ImageObject","inLanguage":"pt-BR","@id":"https:\/\/rentamac.com.br\/#\/schema\/logo\/image\/","url":"https:\/\/rentamac.com.br\/wp-content\/uploads\/2023\/09\/company_logo_GD.png","contentUrl":"https:\/\/rentamac.com.br\/wp-content\/uploads\/2023\/09\/company_logo_GD.png","width":1833,"height":432,"caption":"Rentamac \u2013 Servi\u00e7os e Loca\u00e7\u00e3o de Equipamentos"},"image":{"@id":"https:\/\/rentamac.com.br\/#\/schema\/logo\/image\/"},"sameAs":["https:\/\/www.facebook.com\/rentamaclocacao\/?locale=pt_BR"]}]}},"_links":{"self":[{"href":"https:\/\/rentamac.com.br\/index.php\/wp-json\/wp\/v2\/pages\/138","targetHints":{"allow":["GET"]}}],"collection":[{"href":"https:\/\/rentamac.com.br\/index.php\/wp-json\/wp\/v2\/pages"}],"about":[{"href":"https:\/\/rentamac.com.br\/index.php\/wp-json\/wp\/v2\/types\/page"}],"author":[{"embeddable":true,"href":"https:\/\/rentamac.com.br\/index.php\/wp-json\/wp\/v2\/users\/1"}],"replies":[{"embeddable":true,"href":"https:\/\/rentamac.com.br\/index.php\/wp-json\/wp\/v2\/comments?post=138"}],"version-history":[{"count":4,"href":"https:\/\/rentamac.com.br\/index.php\/wp-json\/wp\/v2\/pages\/138\/revisions"}],"predecessor-version":[{"id":142,"href":"https:\/\/rentamac.com.br\/index.php\/wp-json\/wp\/v2\/pages\/138\/revisions\/142"}],"wp:attachment":[{"href":"https:\/\/rentamac.com.br\/index.php\/wp-json\/wp\/v2\/media?parent=138"}],"curies":[{"name":"wp","href":"https:\/\/api.w.org\/{rel}","templated":true}]}}